{"id":31523,"date":"2025-10-15T11:52:21","date_gmt":"2025-10-15T08:52:21","guid":{"rendered":"https:\/\/svenskateatern.fi\/?post_type=shows&#038;p=31523"},"modified":"2025-11-20T10:14:33","modified_gmt":"2025-11-20T07:14:33","slug":"perhelauantai","status":"publish","type":"shows","link":"https:\/\/svenskateatern.fi\/fi\/ohjelmisto\/perhelauantai\/","title":{"rendered":"Perhelauantai"},"content":{"rendered":"\n<section class=\"block block-hero-image\">\n    <div class=\"image\">\n                    <img decoding=\"async\" src=\"https:\/\/svenskateatern.fi\/wp-content\/uploads\/2025\/10\/Familjelordag2025-hero-dt.png\" width=\"2520\" height=\"1080\" class=\"desktop-image\" alt=\"Tre barn har kl\u00e4tt ut sig och ler mot kameran\" loading=\"lazy\">        \n                    <img decoding=\"async\" src=\"https:\/\/svenskateatern.fi\/wp-content\/uploads\/2025\/10\/Familjelordag2025-hero-mobil.png\" width=\"1080\" height=\"1350\" class=\"mobile-image\" alt=\"Tre barn har kl\u00e4tt ut sig och ler mot kameran.\" loading=\"lazy\">            <\/div>\n<\/section>\n\n\n\n<section class=\"block block-show-information container-fluid bg-white\">\n\t<div class=\"container\">\n\t\t<div class=\"row justify-content-between\">\n\t\t\t<div class=\"col col-12 col-lg-6 col-xl-7\">\n\t\t\t\t<main class=\"entry-content\">\n\t\t\t\t\t\n\n<h1 class=\"wp-block-heading\">Perhelauantai 22.11. &#8211; avoimet ovet!<\/h1>\n\n\n\n<h3 class=\"wp-block-heading\"><\/h3>\n\n\n\n<p class=\"is-style-lead\">Svenska Teatern kutsuu koko perheen mukaan teatterin avoimien ovien p\u00e4iv\u00e4\u00e4n! Perhelauantaina on luvassa kivaa ohjelmaa koko perheelle. Lapset ja lapsenmieliset &#8211; tervetuloa teatterin avoimien ovien p\u00e4iv\u00e4\u00e4n klo 11\u201315. Vapaa p\u00e4\u00e4sy!&nbsp;<\/p>\n\n\n\n<p class=\"is-style-default\"><\/p>\n\n\n<section id=\"block_e5a737604798ec111ed7b6b3104491f1_69f462a05b6df\" class=\"block block-content-wrapper container-fluid bg-cream container-fluid\">\n\t<div class=\"container\n\t\t\tshow-all\"\n\t\t>\n\t\t<div class=\"row\">\n\t\t\t<div class=\"col-12 col-lg-8 offset-lg-2 col-hd-6 offset-hd-3\">\n\t\t\t\t<main class=\"entry-content\">\n\t\t\t\t\t\n\n<p><\/p>\n\n\n\n<h2 class=\"wp-block-heading\">Ohjelma<\/h2>\n\n\n\n<p class=\"is-style-default\"><strong><strong>Tutustu Ronja Ry\u00f6v\u00e4rintytt\u00e4ren maailmaan Suurella n\u00e4ytt\u00e4m\u00f6ll\u00e4<\/strong><\/strong> &#8211; <em>Koe esityksen \u00e4\u00e4ni- ja valo\u00admaailma ja tutustu pukuihin ja nukkeihin.<\/em><\/p>\n\n\n\n<p class=\"is-style-default\"><strong>Mustekalasta kuninkaaksi<\/strong> &#8211;<em> Tule sovittamaan teatterin upeita pukuja \u2013 kokoja l\u00f6ytyy kaikille.&nbsp;<\/em><\/p>\n\n\n\n<p class=\"is-style-default\"><strong>Koristele itsesi teatteritatuoinnilla!<\/strong> <em>huom. kyseess\u00e4 on siirtokuvatatuoinnit, jotka sopivat sek\u00e4 pienille ett\u00e4 isoille vierailijoille<\/em><\/p>\n\n\n\n<p class=\"is-style-default\"><strong>Askartelu- ja pinssipaja<\/strong> &#8211;<em>Piirr\u00e4, maalaa, askartele! Suunnittele ja valmista oma pinssisi.&nbsp;<\/em><\/p>\n\n\n\n<p class=\"is-style-default\"><strong>N\u00e4ytt\u00e4m\u00f6 miniatyyrikoossa<\/strong> &#8211; <em>Teatterin aiempien esitysten lavastusmalleista koottu n\u00e4yttely. &nbsp;&nbsp;<\/em><\/p>\n\n\n\n<p class=\"is-style-default\"><strong>Muumipeikko vierailee Moomin Shopissa klo 12-13<\/strong> Tule onnittelemaan Muumipeikkoa, joka t\u00e4ytt\u00e4\u00e4 80 vuotta t\u00e4n\u00e4 vuonna. Huom. vierailu ei tapahdu teatterin tiloissa, vaan teatterin vieress\u00e4 olevassa Moomin Shopissa.\u00a0<\/p>\n\n\n\n<p class=\"is-style-default\"><strong>Ravintola Din krog katutasossa tarjoaa suolaista ja makeaa kaikenik\u00e4isille<\/strong><\/p>\n\n\n\n<p><br><\/p>\n\n\n\t\t\t\t<\/main>\n\t\t\t<\/div>\n\t\t<\/div>\n\n\t\t\n\t<\/div>\n<\/section>\n\n\n\t\t\t\t<\/main>\n\t\t\t<\/div>\n\n\t\t\t<div class=\"col col-12 col-lg-6 col-xl-4\">\n\t\t\t\t<div class=\"info-box\">\n\t\t\t\t\t<div class=\"section\">\n\t\t\t\t\t\n\t\t\t\t\t\t\n\t\t\t\t\t\t\n\t\t\t\t\t\t\n\t\t\t\t\t\t\n\t\t\t\t\t\t\n\t\t\t\t\t\t\t\t\t\t\t<\/div>\n\n\t\t\t\t\t\t\t\t\t\t<div class=\"section\">\n\t\t\t\t\t\t<div class=\"extra-information\">\n\t\t\t\t\t\t\tAvoimet ovet klo 11-15\t\t\t\t\t\t<\/div>\n\t\t\t\t\t<\/div>\n\t\t\t\t\t\n\t\t\t\t\t\t\t\t\t<\/div>\n                \t\t\t<\/div>\n\t\t<\/div>\n\t<\/div>\n<\/section>\n\n\n\n<section class=\"block block-image-beside-content container-fluid container-fluid bg-black\">\n    <div class=\"container\">\n        <div class=\"row\">\n            <div class=\"col-12 col-md-6 image-col\">\n                <div class=\"align-items-center\">\n                                            <img decoding=\"async\" src=\"https:\/\/svenskateatern.fi\/wp-content\/uploads\/2025\/09\/Draken_Karl-Vilhjalmsson-729004-1400px.jpg\" width=\"1400\" height=\"934\" alt=\"\" loading=\"lazy\">                                    <\/div>\n            <\/div>\n            <div class=\"col-12 col-md-6 text-col\">\n                <div class=\"align-items-center\">\n                    <main class=\"entry-content\">\n                        \n\n<h2 class=\"wp-block-heading is-style-lead\">Muumilaakson satutukio: Historien om den sista draken i v\u00e4rlden<\/h2>\n\n\n\n<p>Klo 11 ja klo 13 NICKEN-n\u00e4ytt\u00e4m\u00f6ll\u00e4<\/p>\n\n\n\n<p><em><em>Ik\u00e4suositus 4 +<\/em><\/em><\/p>\n\n\n\n<p><em><em>Dramatisoitu satutuokio on ruotsiksi, mutta n\u00e4yttelij\u00e4t k\u00e4ytt\u00e4v\u00e4t suomenkielisi\u00e4 tukisanoja<\/em><\/em><\/p>\n\n\n\n<div class=\"wp-block-button\"><a class=\"wp-block-button__link wp-element-button\" href=\"https:\/\/biljetter.svenskateatern.fi\/sv\/buyingflow\/tickets\/12252\/\">Osta lippuja<\/a><\/div>\n\n\n                    <\/main>\n                <\/div>\n            <\/div>\n        <\/div>\n    <\/div>\n<\/section>\n\n\n\n<section class=\"block block-image-beside-content container-fluid container-fluid bg-black\">\n    <div class=\"container\">\n        <div class=\"row\">\n            <div class=\"col-12 col-md-6 image-col\">\n                <div class=\"align-items-center\">\n                                            <img decoding=\"async\" src=\"https:\/\/svenskateatern.fi\/wp-content\/uploads\/2023\/09\/Ronja-varskrik-repertoar.jpg\" width=\"720\" height=\"540\" alt=\"\" loading=\"lazy\">                                    <\/div>\n            <\/div>\n            <div class=\"col-12 col-md-6 text-col\">\n                <div class=\"align-items-center\">\n                    <main class=\"entry-content\">\n                        \n\n<h2 class=\"wp-block-heading is-style-lead\">Ronja R\u00f6vardotter<\/h2>\n\n\n\n<p>Kl 18.30 Suurella n\u00e4ytt\u00e4m\u00f6ll\u00e4<\/p>\n\n\n\n<p><em>Ik\u00e4suositus: 8+<\/em><\/p>\n\n\n\n<p>N\u00e4yt\u00f6s on ruotsiksi mutta se on tekstitetty suomeksi. Tekstitys n\u00e4kyy n\u00e4ytt\u00e4m\u00f6n yl\u00e4kulmassa olevalla n\u00e4yt\u00f6ll\u00e4 sek\u00e4 Subtitle Mobile \u2013applikaatiossa.<\/p>\n\n\n\n<div class=\"wp-block-button\"><a class=\"wp-block-button__link wp-element-button\" href=\"https:\/\/biljetter.svenskateatern.fi\/sv\/buyingflow\/tickets\/12006\/8920\/#tixsp\">Osta lippuja<\/a><\/div>\n\n\n                    <\/main>\n                <\/div>\n            <\/div>\n        <\/div>\n    <\/div>\n<\/section>\n\n\n","protected":false},"excerpt":{"rendered":"<p>Perhelauantaina on luvassa kivaa ohjelmaa koko perheelle. Vapaa p\u00e4\u00e4sy!<\/p>\n","protected":false},"featured_media":31504,"template":"","class_list":["post-31523","shows","type-shows","status-publish","has-post-thumbnail","hentry"],"acf":[],"yoast_head":"<!-- This site is optimized with the Yoast SEO plugin v27.0 - https:\/\/yoast.com\/product\/yoast-seo-wordpress\/ -->\n<title>Perhelauantai - Svenska Teatern<\/title>\n<meta name=\"description\" content=\"Svenska Teatern kutsuu koko perheen mukaan teatterin avoimien ovien p\u00e4iv\u00e4\u00e4n!\" \/>\n<meta name=\"robots\" content=\"index, follow, max-snippet:-1, max-image-preview:large, max-video-preview:-1\" \/>\n<link rel=\"canonical\" href=\"https:\/\/svenskateatern.fi\/fi\/ohjelmisto\/perhelauantai\/\" \/>\n<meta property=\"og:locale\" content=\"fi_FI\" \/>\n<meta property=\"og:type\" content=\"article\" \/>\n<meta property=\"og:title\" content=\"Perhelauantai - Svenska Teatern\" \/>\n<meta property=\"og:description\" content=\"Svenska Teatern kutsuu koko perheen mukaan teatterin avoimien ovien p\u00e4iv\u00e4\u00e4n! Perhelauantaina on luvassa kivaa ohjelmaa koko perheelle. Vapaa p\u00e4\u00e4sy!\u00a0\" \/>\n<meta property=\"og:url\" content=\"https:\/\/svenskateatern.fi\/fi\/ohjelmisto\/perhelauantai\/\" \/>\n<meta property=\"og:site_name\" content=\"Svenska Teatern\" \/>\n<meta property=\"article:modified_time\" content=\"2025-11-20T07:14:33+00:00\" \/>\n<meta property=\"og:image\" content=\"https:\/\/svenskateatern.fi\/wp-content\/uploads\/2025\/10\/Familjelordag2025-repertoar.png\" \/>\n\t<meta property=\"og:image:width\" content=\"900\" \/>\n\t<meta property=\"og:image:height\" content=\"600\" \/>\n\t<meta property=\"og:image:type\" content=\"image\/png\" \/>\n<meta name=\"twitter:card\" content=\"summary_large_image\" \/>\n<meta name=\"twitter:label1\" content=\"Arvioitu lukuaika\" \/>\n\t<meta name=\"twitter:data1\" content=\"3 minuuttia\" \/>\n<script type=\"application\/ld+json\" class=\"yoast-schema-graph\">{\"@context\":\"https:\/\/schema.org\",\"@graph\":[{\"@type\":\"WebPage\",\"@id\":\"https:\/\/svenskateatern.fi\/fi\/ohjelmisto\/perhelauantai\/\",\"url\":\"https:\/\/svenskateatern.fi\/fi\/ohjelmisto\/perhelauantai\/\",\"name\":\"Perhelauantai - Svenska Teatern\",\"isPartOf\":{\"@id\":\"https:\/\/svenskateatern.fi\/fi\/#website\"},\"primaryImageOfPage\":{\"@id\":\"https:\/\/svenskateatern.fi\/fi\/ohjelmisto\/perhelauantai\/#primaryimage\"},\"image\":{\"@id\":\"https:\/\/svenskateatern.fi\/fi\/ohjelmisto\/perhelauantai\/#primaryimage\"},\"thumbnailUrl\":\"https:\/\/svenskateatern.fi\/wp-content\/uploads\/2025\/10\/Familjelordag2025-repertoar.png\",\"datePublished\":\"2025-10-15T08:52:21+00:00\",\"dateModified\":\"2025-11-20T07:14:33+00:00\",\"description\":\"Svenska Teatern kutsuu koko perheen mukaan teatterin avoimien ovien p\u00e4iv\u00e4\u00e4n!\",\"breadcrumb\":{\"@id\":\"https:\/\/svenskateatern.fi\/fi\/ohjelmisto\/perhelauantai\/#breadcrumb\"},\"inLanguage\":\"fi\",\"potentialAction\":[{\"@type\":\"ReadAction\",\"target\":[\"https:\/\/svenskateatern.fi\/fi\/ohjelmisto\/perhelauantai\/\"]}]},{\"@type\":\"ImageObject\",\"inLanguage\":\"fi\",\"@id\":\"https:\/\/svenskateatern.fi\/fi\/ohjelmisto\/perhelauantai\/#primaryimage\",\"url\":\"https:\/\/svenskateatern.fi\/wp-content\/uploads\/2025\/10\/Familjelordag2025-repertoar.png\",\"contentUrl\":\"https:\/\/svenskateatern.fi\/wp-content\/uploads\/2025\/10\/Familjelordag2025-repertoar.png\",\"width\":900,\"height\":600,\"caption\":\"Tre barn har kl\u00e4tt ut sig och ler mot kameran.\"},{\"@type\":\"BreadcrumbList\",\"@id\":\"https:\/\/svenskateatern.fi\/fi\/ohjelmisto\/perhelauantai\/#breadcrumb\",\"itemListElement\":[{\"@type\":\"ListItem\",\"position\":1,\"name\":\"Etusivu\",\"item\":\"https:\/\/svenskateatern.fi\/fi\/\"},{\"@type\":\"ListItem\",\"position\":2,\"name\":\"Perhelauantai\"}]},{\"@type\":\"WebSite\",\"@id\":\"https:\/\/svenskateatern.fi\/fi\/#website\",\"url\":\"https:\/\/svenskateatern.fi\/fi\/\",\"name\":\"Svenska Teatern\",\"description\":\"\",\"potentialAction\":[{\"@type\":\"SearchAction\",\"target\":{\"@type\":\"EntryPoint\",\"urlTemplate\":\"https:\/\/svenskateatern.fi\/fi\/?s={search_term_string}\"},\"query-input\":{\"@type\":\"PropertyValueSpecification\",\"valueRequired\":true,\"valueName\":\"search_term_string\"}}],\"inLanguage\":\"fi\"}]}<\/script>\n<!-- \/ Yoast SEO plugin. -->","yoast_head_json":{"title":"Perhelauantai - Svenska Teatern","description":"Svenska Teatern kutsuu koko perheen mukaan teatterin avoimien ovien p\u00e4iv\u00e4\u00e4n!","robots":{"index":"index","follow":"follow","max-snippet":"max-snippet:-1","max-image-preview":"max-image-preview:large","max-video-preview":"max-video-preview:-1"},"canonical":"https:\/\/svenskateatern.fi\/fi\/ohjelmisto\/perhelauantai\/","og_locale":"fi_FI","og_type":"article","og_title":"Perhelauantai - Svenska Teatern","og_description":"Svenska Teatern kutsuu koko perheen mukaan teatterin avoimien ovien p\u00e4iv\u00e4\u00e4n! Perhelauantaina on luvassa kivaa ohjelmaa koko perheelle. Vapaa p\u00e4\u00e4sy!\u00a0","og_url":"https:\/\/svenskateatern.fi\/fi\/ohjelmisto\/perhelauantai\/","og_site_name":"Svenska Teatern","article_modified_time":"2025-11-20T07:14:33+00:00","og_image":[{"width":900,"height":600,"url":"https:\/\/svenskateatern.fi\/wp-content\/uploads\/2025\/10\/Familjelordag2025-repertoar.png","type":"image\/png"}],"twitter_card":"summary_large_image","twitter_misc":{"Arvioitu lukuaika":"3 minuuttia"},"schema":{"@context":"https:\/\/schema.org","@graph":[{"@type":"WebPage","@id":"https:\/\/svenskateatern.fi\/fi\/ohjelmisto\/perhelauantai\/","url":"https:\/\/svenskateatern.fi\/fi\/ohjelmisto\/perhelauantai\/","name":"Perhelauantai - Svenska Teatern","isPartOf":{"@id":"https:\/\/svenskateatern.fi\/fi\/#website"},"primaryImageOfPage":{"@id":"https:\/\/svenskateatern.fi\/fi\/ohjelmisto\/perhelauantai\/#primaryimage"},"image":{"@id":"https:\/\/svenskateatern.fi\/fi\/ohjelmisto\/perhelauantai\/#primaryimage"},"thumbnailUrl":"https:\/\/svenskateatern.fi\/wp-content\/uploads\/2025\/10\/Familjelordag2025-repertoar.png","datePublished":"2025-10-15T08:52:21+00:00","dateModified":"2025-11-20T07:14:33+00:00","description":"Svenska Teatern kutsuu koko perheen mukaan teatterin avoimien ovien p\u00e4iv\u00e4\u00e4n!","breadcrumb":{"@id":"https:\/\/svenskateatern.fi\/fi\/ohjelmisto\/perhelauantai\/#breadcrumb"},"inLanguage":"fi","potentialAction":[{"@type":"ReadAction","target":["https:\/\/svenskateatern.fi\/fi\/ohjelmisto\/perhelauantai\/"]}]},{"@type":"ImageObject","inLanguage":"fi","@id":"https:\/\/svenskateatern.fi\/fi\/ohjelmisto\/perhelauantai\/#primaryimage","url":"https:\/\/svenskateatern.fi\/wp-content\/uploads\/2025\/10\/Familjelordag2025-repertoar.png","contentUrl":"https:\/\/svenskateatern.fi\/wp-content\/uploads\/2025\/10\/Familjelordag2025-repertoar.png","width":900,"height":600,"caption":"Tre barn har kl\u00e4tt ut sig och ler mot kameran."},{"@type":"BreadcrumbList","@id":"https:\/\/svenskateatern.fi\/fi\/ohjelmisto\/perhelauantai\/#breadcrumb","itemListElement":[{"@type":"ListItem","position":1,"name":"Etusivu","item":"https:\/\/svenskateatern.fi\/fi\/"},{"@type":"ListItem","position":2,"name":"Perhelauantai"}]},{"@type":"WebSite","@id":"https:\/\/svenskateatern.fi\/fi\/#website","url":"https:\/\/svenskateatern.fi\/fi\/","name":"Svenska Teatern","description":"","potentialAction":[{"@type":"SearchAction","target":{"@type":"EntryPoint","urlTemplate":"https:\/\/svenskateatern.fi\/fi\/?s={search_term_string}"},"query-input":{"@type":"PropertyValueSpecification","valueRequired":true,"valueName":"search_term_string"}}],"inLanguage":"fi"}]}},"_links":{"self":[{"href":"https:\/\/svenskateatern.fi\/fi\/wp-json\/wp\/v2\/shows\/31523","targetHints":{"allow":["GET"]}}],"collection":[{"href":"https:\/\/svenskateatern.fi\/fi\/wp-json\/wp\/v2\/shows"}],"about":[{"href":"https:\/\/svenskateatern.fi\/fi\/wp-json\/wp\/v2\/types\/shows"}],"version-history":[{"count":7,"href":"https:\/\/svenskateatern.fi\/fi\/wp-json\/wp\/v2\/shows\/31523\/revisions"}],"predecessor-version":[{"id":32438,"href":"https:\/\/svenskateatern.fi\/fi\/wp-json\/wp\/v2\/shows\/31523\/revisions\/32438"}],"wp:featuredmedia":[{"embeddable":true,"href":"https:\/\/svenskateatern.fi\/fi\/wp-json\/wp\/v2\/media\/31504"}],"wp:attachment":[{"href":"https:\/\/svenskateatern.fi\/fi\/wp-json\/wp\/v2\/media?parent=31523"}],"curies":[{"name":"wp","href":"https:\/\/api.w.org\/{rel}","templated":true}]}}