{"id":13073,"date":"2023-06-05T15:00:29","date_gmt":"2023-06-05T12:00:29","guid":{"rendered":"https:\/\/svenskateatern.fi\/repertoar\/journalistkvall\/"},"modified":"2023-06-06T14:17:00","modified_gmt":"2023-06-06T11:17:00","slug":"storyn-bakom-storyn","status":"publish","type":"shows","link":"https:\/\/svenskateatern.fi\/fi\/ohjelmisto\/storyn-bakom-storyn\/","title":{"rendered":"Storyn bakom storyn"},"content":{"rendered":"\n<section class=\"block block-hero-image\">\n    <div class=\"image\">\n                    <img decoding=\"async\" src=\"https:\/\/svenskateatern.fi\/wp-content\/uploads\/2023\/06\/YLE-SbS-hero-dt.jpg\" width=\"2520\" height=\"1080\" class=\"desktop-image\" alt=\"\" loading=\"lazy\">        \n                    <img decoding=\"async\" src=\"https:\/\/svenskateatern.fi\/wp-content\/uploads\/2023\/06\/YLE-SbS-hero-mobil.jpg\" width=\"1080\" height=\"1350\" class=\"mobile-image\" alt=\"\" loading=\"lazy\">            <\/div>\n<\/section>\n\n\n\n<section class=\"block block-show-information container-fluid bg-white\">\n\t<div class=\"container\">\n\t\t<div class=\"row justify-content-between\">\n\t\t\t<div class=\"col col-12 col-lg-6 col-xl-7\">\n\t\t\t\t<main class=\"entry-content\">\n\t\t\t\t\t\n\n<h1 class=\"wp-block-heading\">Storyn bakom storyn<\/h1>\n\n\n\n<h3 class=\"wp-block-heading\">Svenska Yle n\u00e4ytt\u00e4m\u00f6ll\u00e4<\/h3>\n\n\n\n<p class=\"is-style-lead\">Olemme tottuneet n\u00e4kem\u00e4\u00e4n heid\u00e4t ruudussa, kuulemaan heit\u00e4 radiossa ja lukemaan heid\u00e4n tekstej\u00e4\u00e4n. Mutta journalismiin liittyy paljon muutakin kuin pelkk\u00e4 lopullinen juttu. Nyt kahdeksan Svenska Ylen toimittajaa astuu ensimm\u00e4ist\u00e4 kertaa lavalle tarjotakseen yleis\u00f6lle ainutlaatuisen n\u00e4k\u00f6kulman journalismiin.&nbsp;&nbsp;&nbsp;<\/p>\n\n\n\n<p>Yleis\u00f6 kuulee tarinat juttujen takana el\u00e4v\u00e4n journalismin muodossa. P\u00e4\u00e4semme kulissien taakse kuulemaan miten juttu syntyi, mutta my\u00f6s tutustumaan ihmiseen toimittajan roolin takana. Luvassa on riemua, vakavia aiheita, itseironiaa, huumoria ja vahvoja tarinoita.&nbsp;&nbsp;<\/p>\n\n\n\n<p>Lavalle astelevat journalistit ovat Niklas Ald\u00e9n, Barbro Bj\u00f6rkfelt, Annvi Gardberg, Anne Hietanen, Ville Hupa, Tika Sev\u00f3n Liljegren, Marcus Rosenlund ja M\u00e5ns DJ Bunuel Str\u00f6mberg.&nbsp;&nbsp;<\/p>\n\n\n\n<p>Esityksen ensi-ilta on 19. syyskuuta Tryckertiteaternissa Karjaalla, josta esitys jatkaa Pietarsaaren Schaumansaliin 21. syyskuuta. Viimeinen esitys pidet\u00e4\u00e4n 26. syyskuuta Svenska Teaternissa Helsingiss\u00e4. Nauhoitettu versio n\u00e4hd\u00e4\u00e4n my\u00f6hemmin Yle Areenassa.&nbsp;&nbsp;<\/p>\n\n\n\n<p>Kuva: Barbro Ahlstedt \/ Yle<br>Logo: Martin Huldin \/ Yle<\/p>\n\n\n\t\t\t\t<\/main>\n\t\t\t<\/div>\n\n\t\t\t<div class=\"col col-12 col-lg-6 col-xl-4\">\n\t\t\t\t<div class=\"info-box\">\n\t\t\t\t\t<div class=\"section\">\n\t\t\t\t\t\n\t\t\t\t\t\t\t\t\t\t\t\t<div class=\"sub-section\">\n\t\t\t\t\t\t\t<p class=\"title\">Ohjelmistossa<\/p>\n\t\t\t\t\t\t\t<p>\n\t\t\t\t\t\t\t\t\t\t\t\t\t\t\t\t<span class=\"start-date\">26.9.2023<\/span>\n\t\t\t\t\t\t\t\t\n\t\t\t\t\t\t\t\t\t\t\t\t\t\t\t<\/p>\n\t\t\t\t\t\t<\/div>\n\t\t\t\t\t\t\n\t\t\t\t\t\t\t\t\t\t\t\t<div class=\"sub-section\">\n\t\t\t\t\t\t\t<p class=\"title\">N\u00e4ytt\u00e4m\u00f6<\/p>\n\t\t\t\t\t\t\t<p>Suuri n\u00e4ytt\u00e4m\u00f6<\/p>\n\t\t\t\t\t\t<\/div>\n\t\t\t\t\t\t\n\t\t\t\t\t\t\n\t\t\t\t\t\t\t\t\t\t\t\t<div class=\"sub-section\">\n\t\t\t\t\t\t\t<p class=\"title\">Kesto<\/p>\n\t\t\t\t\t\t\t<p>n 2 t sis v\u00e4liajan<\/p>\n\t\t\t\t\t\t<\/div>\n\t\t\t\t\t\t\n\t\t\t\t\t\t\n\t\t\t\t\t\t\t\t\t\t\t<\/div>\n\n\t\t\t\t\t\t\t\t\t\t<div class=\"section\">\n\t\t\t\t\t\t<div class=\"extra-information\">\n\t\t\t\t\t\t\tLiput: 15 \/ 10 \/ 5 \u20ac\t\t\t\t\t\t<\/div>\n\t\t\t\t\t<\/div>\n\t\t\t\t\t\n\t\t\t\t\t\t\t\t\t<\/div>\n                \t\t\t<\/div>\n\t\t<\/div>\n\t<\/div>\n<\/section>\n\n\n\n<section id=\"kalender\" class=\"block block-performances-and-tickets container-fluid bg-black\">\n\t<div id=\"vue-performances-and-tickets\" data-performances='[]'>\n\t\t\t<div class=\"container\">\n\t\t\t<div class=\"row justify-content-center\">\n\t\t\t\t<div class=\"col col-10\">\n\t\t\t\t\t<h2 class=\"block-title\">Esitykset ja liput<\/h2>\n\t\t\t\t<\/div>\n\t\t\t<\/div>\n\n\t\t\t<div class=\"row justify-content-center\">\n\t\t\t\t<div class=\"col col-12 calendar mobile d-block d-md-none\">\n\t\t\t\t<v-date-picker\n\t\t\t\t\tmode=\"date\"\n\t\t\t\t\tv-model=\"date\"\n\t\t\t\t\t:locale=\"{ id: 'fi', firstDayOfWeek: 2, masks: { weekdays: 'WW' } }\"\n\t\t\t\t\tis-expanded\n\t\t\t\t\t@dayclick=\"setPerformanceAtTopByDate\"\n\t\t\t\t\t:available-dates='datePickerAvailableDates'>\n\t\t\t\t\t\t<template slot=\"header-left-button\">\n\t\t\t\t\t\t\t<span class=\"sr-only\">Edellinen kuukausi<\/span>\n\t\t\t\t\t\t<\/template>\n\t\t\t\t\t\t<template slot=\"header-right-button\">\n\t\t\t\t\t\t\t<span class=\"sr-only\">Seuraava kuukausi<\/span>\n\t\t\t\t\t\t<\/template>\n\t\t\t\t\t<\/v-date-picker>\n\t\t\t\t<\/div>\n\t\t\t\t<div class=\"col col-12 col-md-7 col-lg-7\">\n\t\t\t\t\t<div class=\"performances-widget\">\n\t\t\t\t\t\t<button :disabled=\"performanceAtTop === 0\" :class=\"{ 'is-disabled' : performanceAtTop === 0, 'hide' : performances.length < performancesPerPage, 'hide' : performanceAtTop === 0 }\" @click=\"prevPage\" type=\"button\" class=\"previous-performances\" aria-label=\"Edelliset esitykset\"><\/button>\n\t\t\t\t\t\t<table class=\"performances\">\n\t\t\t\t\t\t\t<tbody>\n\t\t\t\t\t\t\t\t<template v-for=\"(performance, index) in performances\">\n\t\t\t\t\t\t\t\t\t<tr :key=\"index\" class=\"w-row\" v-show=\"index >= performanceAtTop &#038;&#038; index <= performanceAtTop + performancesPerPage - 1\">\n\t\t\t\t\t\t\t\t\t\t<td class=\"w-cell date\">{{ performance.weekday }} {{ formatDate(performance.date) }}<\/td>\n\t\t\t\t\t\t\t\t\t\t<td class=\"w-cell time\">Klo {{ formatTime(performance.time) }}<\/td>\n\t\t\t\t\t\t\t\t\t\t<td class=\"w-cell availability\">\n\t\t\t\t\t\t\t\t\t\t\t<span class=\"status available\" v-if=\"performance.ticket_status == 0\">Lippuja saatavilla<\/span>\n\t\t\t\t\t\t\t\t\t\t\t<span class=\"status limited\" v-if=\"performance.ticket_status == 1\">Muutamia lippuja j\u00e4ljell\u00e4<\/span>\n\t\t\t\t\t\t\t\t\t\t\t<span class=\"status out-of-tickets\" v-if=\"performance.ticket_status == 2\">Loppuunmyyty<\/span>\n\t\t\t\t\t\t\t\t\t\t\t<span class=\"status cancelled\" v-if=\"performance.ticket_status == 3\">Peruttu! Asiakaspalvelumme on yhteydess\u00e4 kaikkiin lipun ostaneisiin.<\/span>\n\t\t\t\t\t\t\t\t\t\t<\/td>\n\t\t\t\t\t\t\t\t\t\t<td class=\"w-cell buttons\">\n\t\t\t\t\t\t\t\t\t\t\t<template v-if=\"!false &#038;&#038; !performance.blocked\">\n\t\t\t\t\t\t\t\t\t\t\t\t<a v-if=\"![2,3,4].includes(performance.ticket_status)\" :href=\"performance.tickets_link\" class=\"button outline\">\n\t\t\t\t\t\t\t\t\t\t\t\t\tOsta lippuja\t\t\t\t\t\t\t\t\t\t\t\t<\/a>\n\t\t\t\t\t\t\t\t\t\t\t\t<span v-else-if=\"performance.ticket_status === 2\" class=\"button disabled\">Loppuunmyyty<\/span>\n\t\t\t\t\t\t\t\t\t\t\t\t<span v-else-if=\"performance.ticket_status === 3\" class=\"button disabled text-uppercase\">Peruttu<\/span>\n\t\t\t\t\t\t\t\t\t\t\t<\/template>\n\t\t\t\t\t\t\t\t\t\t<\/td>\n\t\t\t\t\t\t\t\t\t<\/tr>\n\t\t\t\t\t\t\t\t<\/template>\n\t\t\t\t\t\t\t<\/tbody>\n\t\t\t\t\t\t<\/table>\n\t\t\t\t\t\t<button v-if=\"performanceAtTop < performances.length - performancesPerPage\" @click=\"nextPage\" type=\"button\" class=\"next-performances\" aria-label=\"Seuraavat esitykset\"><\/button>\n\t\t\t\t\t<\/div>\n\t\t\t\t<\/div>\n\t\t\t\t<div class=\"col col-12 col-md-5 col-lg-3 calendar d-none d-md-block\">\n\t\t\t\t\t<v-date-picker\n\t\t\t\t\tmode=\"date\"\n\t\t\t\t\tv-model=\"date\"\n\t\t\t\t\t:locale=\"{ id: 'fi', firstDayOfWeek: 2, masks: { weekdays: 'WW' } }\"\n\t\t\t\t\tis-expanded\n\t\t\t\t\t@dayclick=\"setPerformanceAtTopByDate\"\n\t\t\t\t\t:available-dates='datePickerAvailableDates'>\n\t\t\t\t\t\t<template slot=\"header-left-button\">\n\t\t\t\t\t\t\t<span class=\"sr-only\">Edellinen kuukausi<\/span>\n\t\t\t\t\t\t<\/template>\n\t\t\t\t\t\t<template slot=\"header-right-button\">\n\t\t\t\t\t\t\t<span class=\"sr-only\">Seuraava kuukausi<\/span>\n\t\t\t\t\t\t<\/template>\n\t\t\t\t\t<\/v-date-picker>\n\t\t\t\t<\/div>\n\t\t\t<\/div>\n\t\t<\/div>\n\t\t<\/div>\n<\/section>\n","protected":false},"excerpt":{"rendered":"<p>Kahdeksan Svenska Ylen toimittajaa astuu ensimm\u00e4ist\u00e4 kertaa lavalle tarjotakseen yleis\u00f6lle ainutlaatuisen n\u00e4k\u00f6kulman journalismiin.\u00a0\u00a0\u00a0<\/p>\n","protected":false},"featured_media":13013,"template":"","class_list":["post-13073","shows","type-shows","status-publish","has-post-thumbnail","hentry"],"acf":[],"yoast_head":"<!-- This site is optimized with the Yoast SEO plugin v27.0 - https:\/\/yoast.com\/product\/yoast-seo-wordpress\/ -->\n<title>Storyn bakom storyn - Svenska Teatern<\/title>\n<meta name=\"description\" content=\"Kahdeksan Svenska Ylen toimittajaa astuu ensimm\u00e4ist\u00e4 kertaa lavalle tarjotakseen yleis\u00f6lle ainutlaatuisen n\u00e4k\u00f6kulman journalismiin.\" \/>\n<meta name=\"robots\" content=\"index, follow, max-snippet:-1, max-image-preview:large, max-video-preview:-1\" \/>\n<link rel=\"canonical\" href=\"https:\/\/svenskateatern.fi\/ohjelmisto\/storyn-bakom-storyn\/\" \/>\n<meta property=\"og:locale\" content=\"fi_FI\" \/>\n<meta property=\"og:type\" content=\"article\" \/>\n<meta property=\"og:title\" content=\"Storyn bakom storyn - Svenska Yle n\u00e4ytt\u00e4m\u00f6ll\u00e4\" \/>\n<meta property=\"og:description\" content=\"Olemme tottuneet n\u00e4kem\u00e4\u00e4n heid\u00e4t ruudussa, kuulemaan heit\u00e4 radiossa ja lukemaan heid\u00e4n tekstej\u00e4\u00e4n. Mutta journalismiin liittyy paljon muutakin kuin pelkk\u00e4 lopullinen juttu. Nyt kahdeksan Svenska Ylen toimittajaa astuu ensimm\u00e4ist\u00e4 kertaa lavalle tarjotakseen yleis\u00f6lle ainutlaatuisen n\u00e4k\u00f6kulman journalismiin.\u00a0\" \/>\n<meta property=\"og:url\" content=\"https:\/\/svenskateatern.fi\/ohjelmisto\/storyn-bakom-storyn\/\" \/>\n<meta property=\"og:site_name\" content=\"Svenska Teatern\" \/>\n<meta property=\"article:modified_time\" content=\"2023-06-06T11:17:00+00:00\" \/>\n<meta property=\"og:image\" content=\"https:\/\/svenskateatern.fi\/wp-content\/uploads\/2023\/06\/YLE-SbS-Yoast.jpg\" \/>\n\t<meta property=\"og:image:width\" content=\"1200\" \/>\n\t<meta property=\"og:image:height\" content=\"630\" \/>\n\t<meta property=\"og:image:type\" content=\"image\/jpeg\" \/>\n<meta name=\"twitter:card\" content=\"summary_large_image\" \/>\n<meta name=\"twitter:title\" content=\"Storyn bakom storyn - Svenska Yle n\u00e4ytt\u00e4m\u00f6ll\u00e4\" \/>\n<meta name=\"twitter:description\" content=\"Olemme tottuneet n\u00e4kem\u00e4\u00e4n heid\u00e4t ruudussa, kuulemaan heit\u00e4 radiossa ja lukemaan heid\u00e4n tekstej\u00e4\u00e4n. Mutta journalismiin liittyy paljon muutakin kuin pelkk\u00e4 lopullinen juttu. Nyt kahdeksan Svenska Ylen toimittajaa astuu ensimm\u00e4ist\u00e4 kertaa lavalle tarjotakseen yleis\u00f6lle ainutlaatuisen n\u00e4k\u00f6kulman journalismiin.\u00a0\" \/>\n<meta name=\"twitter:image\" content=\"https:\/\/svenskateatern.fi\/wp-content\/uploads\/2023\/06\/YLE-SbS-Yoast.jpg\" \/>\n<meta name=\"twitter:label1\" content=\"Arvioitu lukuaika\" \/>\n\t<meta name=\"twitter:data1\" content=\"1 minuutti\" \/>\n<script type=\"application\/ld+json\" class=\"yoast-schema-graph\">{\"@context\":\"https:\/\/schema.org\",\"@graph\":[{\"@type\":\"WebPage\",\"@id\":\"https:\/\/svenskateatern.fi\/ohjelmisto\/storyn-bakom-storyn\/\",\"url\":\"https:\/\/svenskateatern.fi\/ohjelmisto\/storyn-bakom-storyn\/\",\"name\":\"Storyn bakom storyn - Svenska Teatern\",\"isPartOf\":{\"@id\":\"https:\/\/svenskateatern.fi\/fi\/#website\"},\"primaryImageOfPage\":{\"@id\":\"https:\/\/svenskateatern.fi\/ohjelmisto\/storyn-bakom-storyn\/#primaryimage\"},\"image\":{\"@id\":\"https:\/\/svenskateatern.fi\/ohjelmisto\/storyn-bakom-storyn\/#primaryimage\"},\"thumbnailUrl\":\"https:\/\/svenskateatern.fi\/wp-content\/uploads\/2023\/06\/YLE-SbS-repertoar.jpg\",\"datePublished\":\"2023-06-05T12:00:29+00:00\",\"dateModified\":\"2023-06-06T11:17:00+00:00\",\"description\":\"Kahdeksan Svenska Ylen toimittajaa astuu ensimm\u00e4ist\u00e4 kertaa lavalle tarjotakseen yleis\u00f6lle ainutlaatuisen n\u00e4k\u00f6kulman journalismiin.\",\"breadcrumb\":{\"@id\":\"https:\/\/svenskateatern.fi\/ohjelmisto\/storyn-bakom-storyn\/#breadcrumb\"},\"inLanguage\":\"fi\",\"potentialAction\":[{\"@type\":\"ReadAction\",\"target\":[\"https:\/\/svenskateatern.fi\/ohjelmisto\/storyn-bakom-storyn\/\"]}]},{\"@type\":\"ImageObject\",\"inLanguage\":\"fi\",\"@id\":\"https:\/\/svenskateatern.fi\/ohjelmisto\/storyn-bakom-storyn\/#primaryimage\",\"url\":\"https:\/\/svenskateatern.fi\/wp-content\/uploads\/2023\/06\/YLE-SbS-repertoar.jpg\",\"contentUrl\":\"https:\/\/svenskateatern.fi\/wp-content\/uploads\/2023\/06\/YLE-SbS-repertoar.jpg\",\"width\":720,\"height\":540},{\"@type\":\"BreadcrumbList\",\"@id\":\"https:\/\/svenskateatern.fi\/ohjelmisto\/storyn-bakom-storyn\/#breadcrumb\",\"itemListElement\":[{\"@type\":\"ListItem\",\"position\":1,\"name\":\"Etusivu\",\"item\":\"https:\/\/svenskateatern.fi\/fi\/\"},{\"@type\":\"ListItem\",\"position\":2,\"name\":\"Storyn bakom storyn\"}]},{\"@type\":\"WebSite\",\"@id\":\"https:\/\/svenskateatern.fi\/fi\/#website\",\"url\":\"https:\/\/svenskateatern.fi\/fi\/\",\"name\":\"Svenska Teatern\",\"description\":\"\",\"potentialAction\":[{\"@type\":\"SearchAction\",\"target\":{\"@type\":\"EntryPoint\",\"urlTemplate\":\"https:\/\/svenskateatern.fi\/fi\/?s={search_term_string}\"},\"query-input\":{\"@type\":\"PropertyValueSpecification\",\"valueRequired\":true,\"valueName\":\"search_term_string\"}}],\"inLanguage\":\"fi\"}]}<\/script>\n<!-- \/ Yoast SEO plugin. -->","yoast_head_json":{"title":"Storyn bakom storyn - Svenska Teatern","description":"Kahdeksan Svenska Ylen toimittajaa astuu ensimm\u00e4ist\u00e4 kertaa lavalle tarjotakseen yleis\u00f6lle ainutlaatuisen n\u00e4k\u00f6kulman journalismiin.","robots":{"index":"index","follow":"follow","max-snippet":"max-snippet:-1","max-image-preview":"max-image-preview:large","max-video-preview":"max-video-preview:-1"},"canonical":"https:\/\/svenskateatern.fi\/ohjelmisto\/storyn-bakom-storyn\/","og_locale":"fi_FI","og_type":"article","og_title":"Storyn bakom storyn - Svenska Yle n\u00e4ytt\u00e4m\u00f6ll\u00e4","og_description":"Olemme tottuneet n\u00e4kem\u00e4\u00e4n heid\u00e4t ruudussa, kuulemaan heit\u00e4 radiossa ja lukemaan heid\u00e4n tekstej\u00e4\u00e4n. Mutta journalismiin liittyy paljon muutakin kuin pelkk\u00e4 lopullinen juttu. Nyt kahdeksan Svenska Ylen toimittajaa astuu ensimm\u00e4ist\u00e4 kertaa lavalle tarjotakseen yleis\u00f6lle ainutlaatuisen n\u00e4k\u00f6kulman journalismiin.\u00a0","og_url":"https:\/\/svenskateatern.fi\/ohjelmisto\/storyn-bakom-storyn\/","og_site_name":"Svenska Teatern","article_modified_time":"2023-06-06T11:17:00+00:00","og_image":[{"width":1200,"height":630,"url":"https:\/\/svenskateatern.fi\/wp-content\/uploads\/2023\/06\/YLE-SbS-Yoast.jpg","type":"image\/jpeg"}],"twitter_card":"summary_large_image","twitter_title":"Storyn bakom storyn - Svenska Yle n\u00e4ytt\u00e4m\u00f6ll\u00e4","twitter_description":"Olemme tottuneet n\u00e4kem\u00e4\u00e4n heid\u00e4t ruudussa, kuulemaan heit\u00e4 radiossa ja lukemaan heid\u00e4n tekstej\u00e4\u00e4n. Mutta journalismiin liittyy paljon muutakin kuin pelkk\u00e4 lopullinen juttu. Nyt kahdeksan Svenska Ylen toimittajaa astuu ensimm\u00e4ist\u00e4 kertaa lavalle tarjotakseen yleis\u00f6lle ainutlaatuisen n\u00e4k\u00f6kulman journalismiin.\u00a0","twitter_image":"https:\/\/svenskateatern.fi\/wp-content\/uploads\/2023\/06\/YLE-SbS-Yoast.jpg","twitter_misc":{"Arvioitu lukuaika":"1 minuutti"},"schema":{"@context":"https:\/\/schema.org","@graph":[{"@type":"WebPage","@id":"https:\/\/svenskateatern.fi\/ohjelmisto\/storyn-bakom-storyn\/","url":"https:\/\/svenskateatern.fi\/ohjelmisto\/storyn-bakom-storyn\/","name":"Storyn bakom storyn - Svenska Teatern","isPartOf":{"@id":"https:\/\/svenskateatern.fi\/fi\/#website"},"primaryImageOfPage":{"@id":"https:\/\/svenskateatern.fi\/ohjelmisto\/storyn-bakom-storyn\/#primaryimage"},"image":{"@id":"https:\/\/svenskateatern.fi\/ohjelmisto\/storyn-bakom-storyn\/#primaryimage"},"thumbnailUrl":"https:\/\/svenskateatern.fi\/wp-content\/uploads\/2023\/06\/YLE-SbS-repertoar.jpg","datePublished":"2023-06-05T12:00:29+00:00","dateModified":"2023-06-06T11:17:00+00:00","description":"Kahdeksan Svenska Ylen toimittajaa astuu ensimm\u00e4ist\u00e4 kertaa lavalle tarjotakseen yleis\u00f6lle ainutlaatuisen n\u00e4k\u00f6kulman journalismiin.","breadcrumb":{"@id":"https:\/\/svenskateatern.fi\/ohjelmisto\/storyn-bakom-storyn\/#breadcrumb"},"inLanguage":"fi","potentialAction":[{"@type":"ReadAction","target":["https:\/\/svenskateatern.fi\/ohjelmisto\/storyn-bakom-storyn\/"]}]},{"@type":"ImageObject","inLanguage":"fi","@id":"https:\/\/svenskateatern.fi\/ohjelmisto\/storyn-bakom-storyn\/#primaryimage","url":"https:\/\/svenskateatern.fi\/wp-content\/uploads\/2023\/06\/YLE-SbS-repertoar.jpg","contentUrl":"https:\/\/svenskateatern.fi\/wp-content\/uploads\/2023\/06\/YLE-SbS-repertoar.jpg","width":720,"height":540},{"@type":"BreadcrumbList","@id":"https:\/\/svenskateatern.fi\/ohjelmisto\/storyn-bakom-storyn\/#breadcrumb","itemListElement":[{"@type":"ListItem","position":1,"name":"Etusivu","item":"https:\/\/svenskateatern.fi\/fi\/"},{"@type":"ListItem","position":2,"name":"Storyn bakom storyn"}]},{"@type":"WebSite","@id":"https:\/\/svenskateatern.fi\/fi\/#website","url":"https:\/\/svenskateatern.fi\/fi\/","name":"Svenska Teatern","description":"","potentialAction":[{"@type":"SearchAction","target":{"@type":"EntryPoint","urlTemplate":"https:\/\/svenskateatern.fi\/fi\/?s={search_term_string}"},"query-input":{"@type":"PropertyValueSpecification","valueRequired":true,"valueName":"search_term_string"}}],"inLanguage":"fi"}]}},"_links":{"self":[{"href":"https:\/\/svenskateatern.fi\/fi\/wp-json\/wp\/v2\/shows\/13073","targetHints":{"allow":["GET"]}}],"collection":[{"href":"https:\/\/svenskateatern.fi\/fi\/wp-json\/wp\/v2\/shows"}],"about":[{"href":"https:\/\/svenskateatern.fi\/fi\/wp-json\/wp\/v2\/types\/shows"}],"version-history":[{"count":0,"href":"https:\/\/svenskateatern.fi\/fi\/wp-json\/wp\/v2\/shows\/13073\/revisions"}],"wp:featuredmedia":[{"embeddable":true,"href":"https:\/\/svenskateatern.fi\/fi\/wp-json\/wp\/v2\/media\/13013"}],"wp:attachment":[{"href":"https:\/\/svenskateatern.fi\/fi\/wp-json\/wp\/v2\/media?parent=13073"}],"curies":[{"name":"wp","href":"https:\/\/api.w.org\/{rel}","templated":true}]}}