{"version":"1.0","provider_name":"Svenska Teatern","provider_url":"https:\/\/svenskateatern.fi\/fi\/","author_name":"david.lindstrom","author_url":"https:\/\/svenskateatern.fi\/fi\/author\/david-lindstrom\/","title":"Svenska Teatern esitt\u00e4\u00e4 Amos Andersonista kertovan, Kari Heiskasen ohjaaman ja Gunilla Hemmingin kirjoittaman uutuusn\u00e4ytelm\u00e4n","type":"rich","width":600,"height":338,"html":"<blockquote class=\"wp-embedded-content\" data-secret=\"dBott8Apke\"><a href=\"https:\/\/svenskateatern.fi\/fi\/svenska-teatern-esittaa-amos-andersonista-kertovan-uutuusnaytelman\/\">Svenska Teatern esitt\u00e4\u00e4 Amos Andersonista kertovan uutuusn\u00e4ytelm\u00e4n<\/a><\/blockquote><iframe sandbox=\"allow-scripts\" security=\"restricted\" src=\"https:\/\/svenskateatern.fi\/fi\/svenska-teatern-esittaa-amos-andersonista-kertovan-uutuusnaytelman\/embed\/#?secret=dBott8Apke\" width=\"600\" height=\"338\" title=\"&#8221;Svenska Teatern esitt\u00e4\u00e4 Amos Andersonista kertovan uutuusn\u00e4ytelm\u00e4n&#8221; &#8212; Svenska Teatern\" data-secret=\"dBott8Apke\" frameborder=\"0\" marginwidth=\"0\" marginheight=\"0\" scrolling=\"no\" class=\"wp-embedded-content\"><\/iframe><script type=\"text\/javascript\">\n\/* <![CDATA[ *\/\n\/*! This file is auto-generated *\/\n!function(d,l){\"use strict\";l.querySelector&&d.addEventListener&&\"undefined\"!=typeof URL&&(d.wp=d.wp||{},d.wp.receiveEmbedMessage||(d.wp.receiveEmbedMessage=function(e){var t=e.data;if((t||t.secret||t.message||t.value)&&!\/[^a-zA-Z0-9]\/.test(t.secret)){for(var s,r,n,a=l.querySelectorAll('iframe[data-secret=\"'+t.secret+'\"]'),o=l.querySelectorAll('blockquote[data-secret=\"'+t.secret+'\"]'),c=new RegExp(\"^https?:$\",\"i\"),i=0;i<o.length;i++)o[i].style.display=\"none\";for(i=0;i<a.length;i++)s=a[i],e.source===s.contentWindow&&(s.removeAttribute(\"style\"),\"height\"===t.message?(1e3<(r=parseInt(t.value,10))?r=1e3:~~r<200&&(r=200),s.height=r):\"link\"===t.message&&(r=new URL(s.getAttribute(\"src\")),n=new URL(t.value),c.test(n.protocol))&&n.host===r.host&&l.activeElement===s&&(d.top.location.href=t.value))}},d.addEventListener(\"message\",d.wp.receiveEmbedMessage,!1),l.addEventListener(\"DOMContentLoaded\",function(){for(var e,t,s=l.querySelectorAll(\"iframe.wp-embedded-content\"),r=0;r<s.length;r++)(t=(e=s[r]).getAttribute(\"data-secret\"))||(t=Math.random().toString(36).substring(2,12),e.src+=\"#?secret=\"+t,e.setAttribute(\"data-secret\",t)),e.contentWindow.postMessage({message:\"ready\",secret:t},\"*\")},!1)))}(window,document);\n\/\/# sourceURL=https:\/\/svenskateatern.fi\/wp-includes\/js\/wp-embed.min.js\n\/* ]]> *\/\n<\/script>\n","thumbnail_url":"https:\/\/svenskateatern.fi\/wp-content\/uploads\/2024\/10\/AMOS_GUNILLA.jpg","thumbnail_width":1200,"thumbnail_height":850,"description":"Uutuusn\u00e4ytelm\u00e4 Amos A saa kantaesityksens\u00e4 Svenska Teaternin Suurella n\u00e4ytt\u00e4m\u00f6ll\u00e4 4. syyskuuta 2025. N\u00e4ytelm\u00e4n on kirjoittanut Gunilla Hemming ja ohjannut Kari Heiskanen.\u202f\u00a0N\u00e4ytelm\u00e4 on syksyn suurhanke ja tarjoaa kiehtovan ja monipuolisen kuvauksen er\u00e4\u00e4st\u00e4 Suomen vaikutusvaltaisimmasta kulttuuripersoonasta, Amos Andersonista.\u202f"}